{"id":9061,"date":"2023-12-04T11:27:01","date_gmt":"2023-12-04T10:27:01","guid":{"rendered":"https:\/\/anabelternes.de\/vita\/"},"modified":"2025-06-03T20:04:23","modified_gmt":"2025-06-03T18:04:23","slug":"about-anabel","status":"publish","type":"page","link":"https:\/\/anabelternes.de\/en\/about-anabel\/","title":{"rendered":"About Anabel"},"content":{"rendered":"<div class=\"gb-container gb-container-f1f34249\">\n<div class=\"gb-container gb-container-c5135fde\">\n<div class=\"gb-grid-wrapper gb-grid-wrapper-fc136d91\">\n<div class=\"gb-grid-column gb-grid-column-e7f70ce7\"><div class=\"gb-container gb-container-e7f70ce7\">\n<div class=\"gb-grid-wrapper gb-grid-wrapper-004e8e46\">\n<div class=\"gb-grid-column gb-grid-column-1cf3b08e\"><div class=\"gb-container gb-container-1cf3b08e\">\n\n<h6 class=\"gb-headline gb-headline-b3f54dbe gb-headline-text\">Prof. Dr.<\/h6>\n\n<\/div><\/div>\n\n<div class=\"gb-grid-column gb-grid-column-30ee68f4\"><div class=\"gb-container gb-container-30ee68f4\">\n\n<h1 class=\"gb-headline gb-headline-5741d621 gb-headline-text txt-gold-gradient\">Anabel<br>Tern\u00e8s<\/h1>\n\n\n\n<h2 class=\"gb-headline gb-headline-772d816a gb-headline-text\">Sustainability. Digitalization. Future.<\/h2>\n\n\n\n<p class=\"gb-headline gb-headline-17d978bb gb-headline-text\"><strong>Surprise, inspire and enable sustainable successful action with top trends, practical concepts and clear solutions: Futurologist and TEDx speaker Prof. Dr. Anabel Tern\u00e8s von Hattburg not only motivates but also guides everyone on the path to sustainable success.<\/strong><\/p>\n\n\n\n<p class=\"gb-headline gb-headline-0783759c gb-headline-text\">As a multiple founder and bestselling author, she is recognized as one of the leading minds in sustainability and digitalization. Forbes hails her as the LinkedIn Top Voice &#8216;Superwoman,&#8217; Handelsblatt acknowledges her as one of the &#8216;thought leaders and visionaries,&#8217; and Hypovereinsbank refers to her as &#8216;one of the outstanding managers and entrepreneurs in Germany.&#8217;&nbsp;<\/p>\n\n\n\n<p class=\"gb-headline gb-headline-f22e38d9 gb-headline-text\">Anabel is the Managing Director of the SRH Institute for Innovation &amp; Sustainability Management, holds the professorship of the ZDF TV heute journal founder Dieter Kronzucker in Communication Management and actively contributes to several start-ups, leveraging years of top-management experience for international companies, such as Samsonite, Fielmann and Triumph. <\/p>\n\n\n\n<p class=\"gb-headline gb-headline-14baee19 gb-headline-text\">As the founder of GetYourWings,Anabel has created online learning games like Code and Safe the Planet to support sustainable and digital skills. Her writings grace the pages of magazines such as FUNDSCENE, TWEED and FOCUS online.&nbsp;<\/p>\n\n\n\n<p class=\"gb-headline gb-headline-c79fc4ef gb-headline-text\">Honored with several awards, including FEMALE FUTUROLOGIST OF THE YEAR, CEO eLEARNING OF THE YEAR, and the GOOGLE IMPACT CHALLENGE AWARD, Anabel is a Fellow of prestigious organizations like Nexus Global and Aspen.<br>Additionally, she actively participates in various advisory boards, being a member of Atlantik-Br\u00fccke, UN Women Germany, and Club of Rome. Anabel is a Fellow of prestigious organizations like Nexus Global and Aspen.<br>Additionally, she actively participates in various advisory boards, being a member of Atlantik-Br\u00fccke, UN Women Germany, and Club of Rome.<\/p>\n\n\n\n<p class=\"gb-headline gb-headline-dd0be026 gb-headline-text\">Committed to fostering responsible coexistence that bequeaths future generations a world worth living in\u2014embracing human rights, environmental protection, and a promising future. Anabel has championed this cause since her childhood, navigating a life enriched by a migration background and guided by the conviction that education is the linchpin for personal development.&nbsp;<\/p>\n\n\n\n<p class=\"gb-headline gb-headline-805b10ac gb-headline-text\"><strong>Anabel embodies holistic systemic thinking, a sustainable mindset, and a commitment to collaborative action.<\/strong><\/p>\n\n\n<div class=\"gb-container gb-container-50a8ccd4\">\n\n<a class=\"gb-button gb-button-f8bd301d gb-button-at-gold smooth-scroll\" href=\"#footer-form-wrapper\"><span class=\"gb-icon\"><svg xmlns=\"http:\/\/www.w3.org\/2000\/svg\" viewbox=\"0 0 512 512\"><path d=\"M464 256A208 208 0 1 0 48 256a208 208 0 1 0 416 0zM0 256a256 256 0 1 1 512 0A256 256 0 1 1 0 256zM188.3 147.1c7.6-4.2 16.8-4.1 24.3 .5l144 88c7.1 4.4 11.5 12.1 11.5 20.5s-4.4 16.1-11.5 20.5l-144 88c-7.4 4.5-16.7 4.7-24.3 .5s-12.3-12.2-12.3-20.9V168c0-8.7 4.7-16.7 12.3-20.9z\"><\/path><\/svg><\/span><span class=\"gb-button-text\">INQUIRE NOW<\/span><\/a>\n\n<\/div>\n<\/div><\/div>\n<\/div>\n<\/div><\/div>\n\n<div class=\"gb-grid-column gb-grid-column-8aac5182\"><div class=\"gb-container gb-container-8aac5182\">\n\n<figure class=\"gb-block-image gb-block-image-b7cba8d6\"><img loading=\"lazy\" decoding=\"async\" width=\"623\" height=\"1500\" src=\"https:\/\/anabelternes.de\/wp-content\/uploads\/2023\/12\/Vita_Anabel-Ternes_048A7256.webp\" class=\"gb-image gb-image-b7cba8d6\" alt=\"Moderne Unternehmerin in roten Top und grauen Anzughosen, legt Wert auf Stil und Professionalit\u00e4t.\" title=\"Vita_Anabel-Ternes_048A7256\" srcset=\"https:\/\/anabelternes.de\/wp-content\/uploads\/2023\/12\/Vita_Anabel-Ternes_048A7256.webp 623w, https:\/\/anabelternes.de\/wp-content\/uploads\/2023\/12\/Vita_Anabel-Ternes_048A7256-125x300.webp 125w, https:\/\/anabelternes.de\/wp-content\/uploads\/2023\/12\/Vita_Anabel-Ternes_048A7256-425x1024.webp 425w\" sizes=\"auto, (max-width: 623px) 100vw, 623px\" \/> <\/figure>\n\n<\/div><\/div>\n<\/div>\n<\/div>\n<\/div><div class=\"gb-container gb-container-45b0c190\">\n<div class=\"gb-container gb-container-92e52cb4\">\n<div class=\"gb-grid-wrapper gb-grid-wrapper-89a2c494\">\n<div class=\"gb-grid-column gb-grid-column-8789b176 gb-grid-column-image-gal-600h\"><div class=\"gb-container gb-container-8789b176 gb-container-image-gal-600h\">\n\n<figure class=\"gb-block-image gb-block-image-3bff5558\"><img loading=\"lazy\" decoding=\"async\" width=\"1024\" height=\"683\" src=\"https:\/\/anabelternes.de\/wp-content\/uploads\/2023\/12\/1.webp\" id=\"image-1\" class=\"gb-image gb-image-3bff5558 gb-image-gallery-item-600h\" alt=\"Elegant bei einer Gala: Anabel Tern\u00e9s in einem goldfarbenen Kleid mit funkelnden Details, umgeben von stilvoll gekleideten G\u00e4sten vor einem Logo-Hintergrund. Perfekte Mischung aus Mode und Event-Atmosph\u00e4re.\" data-featherlight=\"#image-1\" srcset=\"https:\/\/anabelternes.de\/wp-content\/uploads\/2023\/12\/1.webp 1024w, https:\/\/anabelternes.de\/wp-content\/uploads\/2023\/12\/1-300x200.webp 300w, https:\/\/anabelternes.de\/wp-content\/uploads\/2023\/12\/1-768x512.webp 768w\" sizes=\"auto, (max-width: 1024px) 100vw, 1024px\" \/> <\/figure>\n\n<\/div><\/div>\n\n<div class=\"gb-grid-column gb-grid-column-2974bb06 gb-grid-column-image-gal-600h\"><div class=\"gb-container gb-container-2974bb06 gb-container-image-gal-600h\">\n\n<figure class=\"gb-block-image gb-block-image-8e5de0b8\"><img loading=\"lazy\" decoding=\"async\" width=\"1200\" height=\"900\" src=\"https:\/\/anabelternes.de\/wp-content\/uploads\/2023\/12\/2.webp\" id=\"image-2\" class=\"gb-image gb-image-8e5de0b8 gb-image-gallery-item-600h\" alt=\"Professionelle Fotografie von Anabel Tern\u00e9s, Expertin f\u00fcr Kommunikation und Pers\u00f6nlichkeitsentwicklung, f\u00fcr einen pers\u00f6nlichen Gespr\u00e4chs- und Coaching-Profil.\" data-featherlight=\"#image-2\" srcset=\"https:\/\/anabelternes.de\/wp-content\/uploads\/2023\/12\/2.webp 1200w, https:\/\/anabelternes.de\/wp-content\/uploads\/2023\/12\/2-300x225.webp 300w, https:\/\/anabelternes.de\/wp-content\/uploads\/2023\/12\/2-1024x768.webp 1024w, https:\/\/anabelternes.de\/wp-content\/uploads\/2023\/12\/2-768x576.webp 768w\" sizes=\"auto, (max-width: 1200px) 100vw, 1200px\" \/> <\/figure>\n\n<\/div><\/div>\n\n<div class=\"gb-grid-column gb-grid-column-ab3377f6 gb-grid-column-image-gal-600h\"><div class=\"gb-container gb-container-ab3377f6 gb-container-image-gal-600h\">\n\n<figure class=\"gb-block-image gb-block-image-242b7300\"><img loading=\"lazy\" decoding=\"async\" width=\"900\" height=\"1200\" src=\"https:\/\/anabelternes.de\/wp-content\/uploads\/2023\/12\/3.webp\" id=\"image-3\" class=\"gb-image gb-image-242b7300 gb-image-gallery-item-600h\" alt=\"Innovative Gesch\u00e4ftsfrauen bei Networking-Veranstaltung in Berlin, Anabel Tern\u00e9s im Gespr\u00e4ch mit einer Seniorin, professionelles Umfeld, Fokus auf Karriere und Austausch, elegante Outfits, Business-Event, Frauen in F\u00fchrung, weibliche Netzwerkbildung, Frauenkongress, Beruflicher Erfolg, Frauenpower.\" data-featherlight=\"#image-3\" srcset=\"https:\/\/anabelternes.de\/wp-content\/uploads\/2023\/12\/3.webp 900w, https:\/\/anabelternes.de\/wp-content\/uploads\/2023\/12\/3-225x300.webp 225w, https:\/\/anabelternes.de\/wp-content\/uploads\/2023\/12\/3-768x1024.webp 768w\" sizes=\"auto, (max-width: 900px) 100vw, 900px\" \/> <\/figure>\n\n<\/div><\/div>\n\n<div class=\"gb-grid-column gb-grid-column-b1335d18 gb-grid-column-image-gal-600h\"><div class=\"gb-container gb-container-b1335d18 gb-container-image-gal-600h\">\n\n<figure class=\"gb-block-image gb-block-image-89ad77bf\"><img loading=\"lazy\" decoding=\"async\" width=\"1200\" height=\"675\" src=\"https:\/\/anabelternes.de\/wp-content\/uploads\/2023\/12\/4.webp\" id=\"image-4\" class=\"gb-image gb-image-89ad77bf gb-image-gallery-item-600h\" alt=\"Moderner TV-Produktionsstudio mit professioneller Live-\u00dcbertragung, zwei Bildschirmstationen, Live-Interview mit Moderator und Expertin, perfekte Umgebung f\u00fcr Media-Produktionen und TV-Interviews.\" data-featherlight=\"#image-4\" srcset=\"https:\/\/anabelternes.de\/wp-content\/uploads\/2023\/12\/4.webp 1200w, https:\/\/anabelternes.de\/wp-content\/uploads\/2023\/12\/4-300x169.webp 300w, https:\/\/anabelternes.de\/wp-content\/uploads\/2023\/12\/4-1024x576.webp 1024w, https:\/\/anabelternes.de\/wp-content\/uploads\/2023\/12\/4-768x432.webp 768w\" sizes=\"auto, (max-width: 1200px) 100vw, 1200px\" \/> <\/figure>\n\n<\/div><\/div>\n\n<div class=\"gb-grid-column gb-grid-column-f4a4f676 gb-grid-column-image-gal-600h\"><div class=\"gb-container gb-container-f4a4f676 gb-container-image-gal-600h\">\n\n<figure class=\"gb-block-image gb-block-image-0fad14f2\"><img loading=\"lazy\" decoding=\"async\" width=\"1200\" height=\"800\" class=\"gb-image gb-image-0fad14f2 gb-image-gallery-item-600h\" id=\"image-5\" src=\"https:\/\/anabelternes.de\/wp-content\/uploads\/2023\/12\/5.webp\" alt=\"\" data-featherlight=\"#image-5\" srcset=\"https:\/\/anabelternes.de\/wp-content\/uploads\/2023\/12\/5.webp 1200w, https:\/\/anabelternes.de\/wp-content\/uploads\/2023\/12\/5-300x200.webp 300w, https:\/\/anabelternes.de\/wp-content\/uploads\/2023\/12\/5-1024x683.webp 1024w, https:\/\/anabelternes.de\/wp-content\/uploads\/2023\/12\/5-768x512.webp 768w\" sizes=\"auto, (max-width: 1200px) 100vw, 1200px\" \/><\/figure>\n\n<\/div><\/div>\n\n<div class=\"gb-grid-column gb-grid-column-fa64c40b gb-grid-column-image-gal-600h\"><div class=\"gb-container gb-container-fa64c40b gb-container-image-gal-600h\">\n\n<figure class=\"gb-block-image gb-block-image-c48154a2\"><img loading=\"lazy\" decoding=\"async\" width=\"870\" height=\"600\" src=\"https:\/\/anabelternes.de\/wp-content\/uploads\/2023\/12\/lb-bw-anabel-ternes.webp\" id=\"image-6\" class=\"gb-image gb-image-c48154a2 gb-image-gallery-item-600h\" alt=\"Innovative Frauenrednerin bei LBEBW Veranstaltung, Business Coach, Impulsgeberin f\u00fcr weibliche F\u00fchrung, inspirierende Rednerin, weibliche Erfolgsgeschichten, Leadership und Motivation, Expertin f\u00fcr Empowerment, Anabel Tern\u00e9s, Frauen in der Wirtschaft.\" data-featherlight=\"#image-6\" srcset=\"https:\/\/anabelternes.de\/wp-content\/uploads\/2023\/12\/lb-bw-anabel-ternes.webp 870w, https:\/\/anabelternes.de\/wp-content\/uploads\/2023\/12\/lb-bw-anabel-ternes-300x207.webp 300w, https:\/\/anabelternes.de\/wp-content\/uploads\/2023\/12\/lb-bw-anabel-ternes-768x530.webp 768w\" sizes=\"auto, (max-width: 870px) 100vw, 870px\" \/> <\/figure>\n\n<\/div><\/div>\n\n<div class=\"gb-grid-column gb-grid-column-8e49692b gb-grid-column-image-gal-600h\"><div class=\"gb-container gb-container-8e49692b gb-container-image-gal-600h\">\n\n<figure class=\"gb-block-image gb-block-image-b79be34f\"><img loading=\"lazy\" decoding=\"async\" width=\"900\" height=\"1200\" src=\"https:\/\/anabelternes.de\/wp-content\/uploads\/2023\/12\/7.webp\" id=\"image-7\" class=\"gb-image gb-image-b79be34f gb-image-gallery-item-600h\" alt=\"Kreative digitale Lernumgebung mit Tablets in Klassenzimmer, nachhaltiges Bildungskonzept, innovative Lehrmethoden, Sch\u00fcler, Lehrerinnen, moderne Bildungstechnologie, interaktiver Unterricht, Bildung f\u00fcr Zukunft.\" data-featherlight=\"#image-7\" srcset=\"https:\/\/anabelternes.de\/wp-content\/uploads\/2023\/12\/7.webp 900w, https:\/\/anabelternes.de\/wp-content\/uploads\/2023\/12\/7-225x300.webp 225w, https:\/\/anabelternes.de\/wp-content\/uploads\/2023\/12\/7-768x1024.webp 768w\" sizes=\"auto, (max-width: 900px) 100vw, 900px\" \/> <\/figure>\n\n<\/div><\/div>\n\n<div class=\"gb-grid-column gb-grid-column-d1d29ad4 gb-grid-column-image-gal-600h\"><div class=\"gb-container gb-container-d1d29ad4 gb-container-image-gal-600h\">\n\n<figure class=\"gb-block-image gb-block-image-368afaec\"><img loading=\"lazy\" decoding=\"async\" width=\"900\" height=\"600\" class=\"gb-image gb-image-368afaec gb-image-gallery-item-600h\" id=\"image-8\" src=\"https:\/\/anabelternes.de\/wp-content\/uploads\/2023\/12\/at-smart-hospital-vortrag.webp\" alt=\"\" data-featherlight=\"#image-8\" srcset=\"https:\/\/anabelternes.de\/wp-content\/uploads\/2023\/12\/at-smart-hospital-vortrag.webp 900w, https:\/\/anabelternes.de\/wp-content\/uploads\/2023\/12\/at-smart-hospital-vortrag-300x200.webp 300w, https:\/\/anabelternes.de\/wp-content\/uploads\/2023\/12\/at-smart-hospital-vortrag-768x512.webp 768w\" sizes=\"auto, (max-width: 900px) 100vw, 900px\" \/><\/figure>\n\n<\/div><\/div>\n\n<div class=\"gb-grid-column gb-grid-column-df0b9d30 gb-grid-column-image-gal-600h\"><div class=\"gb-container gb-container-df0b9d30 gb-container-image-gal-600h\">\n\n<figure class=\"gb-block-image gb-block-image-6febdd3e\"><img loading=\"lazy\" decoding=\"async\" width=\"1200\" height=\"900\" src=\"https:\/\/anabelternes.de\/wp-content\/uploads\/2023\/12\/9.webp\" id=\"image-9\" class=\"gb-image gb-image-6febdd3e gb-image-gallery-item-600h\" alt=\"Menschen bei einer Protestaktion gegen Umweltzerst\u00f6rung, mit einem Banner &quot;STOP TALKING START PLANTING&quot; vor einer Fotoswand, nachhaltiges Engagement f\u00fcr den Planeten, Umweltschutzveranstaltung, aktiv f\u00fcr den Umweltschutz, Umweltaktivisten in Aktion.\" data-featherlight=\"#image-9\" srcset=\"https:\/\/anabelternes.de\/wp-content\/uploads\/2023\/12\/9.webp 1200w, https:\/\/anabelternes.de\/wp-content\/uploads\/2023\/12\/9-300x225.webp 300w, https:\/\/anabelternes.de\/wp-content\/uploads\/2023\/12\/9-1024x768.webp 1024w, https:\/\/anabelternes.de\/wp-content\/uploads\/2023\/12\/9-768x576.webp 768w\" sizes=\"auto, (max-width: 1200px) 100vw, 1200px\" \/> <\/figure>\n\n<\/div><\/div>\n\n<div class=\"gb-grid-column gb-grid-column-61a2faed gb-grid-column-image-gal-600h\"><div class=\"gb-container gb-container-61a2faed gb-container-image-gal-600h\">\n\n<figure class=\"gb-block-image gb-block-image-a7ebe65d\"><img loading=\"lazy\" decoding=\"async\" width=\"900\" height=\"1200\" src=\"https:\/\/anabelternes.de\/wp-content\/uploads\/2023\/12\/10.webp\" id=\"image-12\" class=\"gb-image gb-image-a7ebe65d gb-image-gallery-item-600h\" alt=\"Farbenfrohes Bild von Anabel Tern\u00e9s bei einem Event, zeigt zwei Frauen, die eine kunstvolle runde Plattform halten, moderne Event-Location, bunte Beleuchtung, Mode und Design, kreative Atmosph\u00e4re, inspirierende Zusammenkunft, elegante Outfits, Lifestyle, Inspiration, Kunst und Kultur, Social Event.\" data-featherlight=\"#image-12\" srcset=\"https:\/\/anabelternes.de\/wp-content\/uploads\/2023\/12\/10.webp 900w, https:\/\/anabelternes.de\/wp-content\/uploads\/2023\/12\/10-225x300.webp 225w, https:\/\/anabelternes.de\/wp-content\/uploads\/2023\/12\/10-768x1024.webp 768w\" sizes=\"auto, (max-width: 900px) 100vw, 900px\" \/> <\/figure>\n\n<\/div><\/div>\n\n<div class=\"gb-grid-column gb-grid-column-313e48bc gb-grid-column-image-gal-600h\"><div class=\"gb-container gb-container-313e48bc gb-container-image-gal-600h\">\n\n<figure class=\"gb-block-image gb-block-image-dbc90fe7\"><img loading=\"lazy\" decoding=\"async\" width=\"704\" height=\"448\" src=\"https:\/\/anabelternes.de\/wp-content\/uploads\/2023\/12\/11.webp\" id=\"image-10\" class=\"gb-image gb-image-dbc90fe7 gb-image-gallery-item-600h\" alt=\"Elegant bei einer Gala: Anabel Tern\u00e9s in einem goldfarbenen Kleid mit funkelnden Details, umgeben von stilvoll gekleideten G\u00e4sten vor einem Logo-Hintergrund. Perfekte Mischung aus Mode und Event-Atmosph\u00e4re.\" data-featherlight=\"#image-10\" srcset=\"https:\/\/anabelternes.de\/wp-content\/uploads\/2023\/12\/11.webp 704w, https:\/\/anabelternes.de\/wp-content\/uploads\/2023\/12\/11-300x191.webp 300w\" sizes=\"auto, (max-width: 704px) 100vw, 704px\" \/>  <\/figure>\n\n<\/div><\/div>\n\n<div class=\"gb-grid-column gb-grid-column-d6e04e7a gb-grid-column-image-gal-600h\"><div class=\"gb-container gb-container-d6e04e7a gb-container-image-gal-600h\">\n\n<figure class=\"gb-block-image gb-block-image-d350fd8b\"><img loading=\"lazy\" decoding=\"async\" width=\"1024\" height=\"683\" src=\"https:\/\/anabelternes.de\/wp-content\/uploads\/2023\/12\/12.webp\" id=\"image-11\" class=\"gb-image gb-image-d350fd8b gb-image-gallery-item-600h\" alt=\"Professionelle Fotografie von Anabel Tern\u00e9s, Expertin f\u00fcr Kommunikation und Pers\u00f6nlichkeitsentwicklung, f\u00fcr einen pers\u00f6nlichen Gespr\u00e4chs- und Coaching-Profil.\" data-featherlight=\"#image-11\" srcset=\"https:\/\/anabelternes.de\/wp-content\/uploads\/2023\/12\/12.webp 1024w, https:\/\/anabelternes.de\/wp-content\/uploads\/2023\/12\/12-300x200.webp 300w, https:\/\/anabelternes.de\/wp-content\/uploads\/2023\/12\/12-768x512.webp 768w\" sizes=\"auto, (max-width: 1024px) 100vw, 1024px\" \/>  <\/figure>\n\n<\/div><\/div>\n\n<div class=\"gb-grid-column gb-grid-column-d8549b26 gb-grid-column-image-gal-600h\"><div class=\"gb-container gb-container-d8549b26 gb-container-image-gal-600h\">\n\n<figure class=\"gb-block-image gb-block-image-327e9e98\"><img loading=\"lazy\" decoding=\"async\" width=\"1200\" height=\"900\" src=\"https:\/\/anabelternes.de\/wp-content\/uploads\/2023\/12\/13.webp\" id=\"image-13\" class=\"gb-image gb-image-327e9e98 gb-image-gallery-item-600h\" alt=\"Innovative Gesch\u00e4ftsfrauen bei Networking-Veranstaltung in Berlin, Anabel Tern\u00e9s im Gespr\u00e4ch mit einer Seniorin, professionelles Umfeld, Fokus auf Karriere und Austausch, elegante Outfits, Business-Event, Frauen in F\u00fchrung, weibliche Netzwerkbildung, Frauenkongress, Beruflicher Erfolg, Frauenpower.\" data-featherlight=\"#image-13\" srcset=\"https:\/\/anabelternes.de\/wp-content\/uploads\/2023\/12\/13.webp 1200w, https:\/\/anabelternes.de\/wp-content\/uploads\/2023\/12\/13-300x225.webp 300w, https:\/\/anabelternes.de\/wp-content\/uploads\/2023\/12\/13-1024x768.webp 1024w, https:\/\/anabelternes.de\/wp-content\/uploads\/2023\/12\/13-768x576.webp 768w\" sizes=\"auto, (max-width: 1200px) 100vw, 1200px\" \/>  <\/figure>\n\n<\/div><\/div>\n\n<div class=\"gb-grid-column gb-grid-column-e735b457 gb-grid-column-image-gal-600h\"><div class=\"gb-container gb-container-e735b457 gb-container-image-gal-600h\">\n\n<figure class=\"gb-block-image gb-block-image-c5882793\"><img loading=\"lazy\" decoding=\"async\" width=\"1200\" height=\"900\" src=\"https:\/\/anabelternes.de\/wp-content\/uploads\/2023\/12\/14.webp\" id=\"image-14\" class=\"gb-image gb-image-c5882793 gb-image-gallery-item-600h\" alt=\"Moderner TV-Produktionsstudio mit professioneller Live-\u00dcbertragung, zwei Bildschirmstationen, Live-Interview mit Moderator und Expertin, perfekte Umgebung f\u00fcr Media-Produktionen und TV-Interviews.\" data-featherlight=\"#image-14\" srcset=\"https:\/\/anabelternes.de\/wp-content\/uploads\/2023\/12\/14.webp 1200w, https:\/\/anabelternes.de\/wp-content\/uploads\/2023\/12\/14-300x225.webp 300w, https:\/\/anabelternes.de\/wp-content\/uploads\/2023\/12\/14-1024x768.webp 1024w, https:\/\/anabelternes.de\/wp-content\/uploads\/2023\/12\/14-768x576.webp 768w\" sizes=\"auto, (max-width: 1200px) 100vw, 1200px\" \/>  <\/figure>\n\n<\/div><\/div>\n\n<div class=\"gb-grid-column gb-grid-column-62d3ce86 gb-grid-column-image-gal-600h\"><div class=\"gb-container gb-container-62d3ce86 gb-container-image-gal-600h\">\n\n<figure class=\"gb-block-image gb-block-image-4edd1f55\"><img loading=\"lazy\" decoding=\"async\" width=\"960\" height=\"1200\" src=\"https:\/\/anabelternes.de\/wp-content\/uploads\/2023\/12\/15.webp\" id=\"image-15\" class=\"gb-image gb-image-4edd1f55 gb-image-gallery-item-600h\" alt=\"K\u00fcnstlerin, Unternehmerin, Anabel Tern\u00e9s, Expertin f\u00fcr Soft Skills, Zukunftskompetenzen, pers\u00f6nliche Entwicklung, F\u00fchrung, Karriere, Innovation, kreative Strategien, Erfolg, Interviews, Wirtschaft, Pers\u00f6nlichkeitsentwicklung.\" data-featherlight=\"#image-15\" srcset=\"https:\/\/anabelternes.de\/wp-content\/uploads\/2023\/12\/15.webp 960w, https:\/\/anabelternes.de\/wp-content\/uploads\/2023\/12\/15-240x300.webp 240w, https:\/\/anabelternes.de\/wp-content\/uploads\/2023\/12\/15-819x1024.webp 819w, https:\/\/anabelternes.de\/wp-content\/uploads\/2023\/12\/15-768x960.webp 768w\" sizes=\"auto, (max-width: 960px) 100vw, 960px\" \/> <\/figure>\n\n<\/div><\/div>\n<\/div>\n<\/div>\n<\/div>","protected":false},"excerpt":{"rendered":"","protected":false},"author":7,"featured_media":0,"parent":0,"menu_order":0,"comment_status":"closed","ping_status":"closed","template":"","meta":{"inline_featured_image":false,"footnotes":""},"class_list":["post-9061","page","type-page","status-publish"],"_links":{"self":[{"href":"https:\/\/anabelternes.de\/en\/wp-json\/wp\/v2\/pages\/9061","targetHints":{"allow":["GET"]}}],"collection":[{"href":"https:\/\/anabelternes.de\/en\/wp-json\/wp\/v2\/pages"}],"about":[{"href":"https:\/\/anabelternes.de\/en\/wp-json\/wp\/v2\/types\/page"}],"author":[{"embeddable":true,"href":"https:\/\/anabelternes.de\/en\/wp-json\/wp\/v2\/users\/7"}],"replies":[{"embeddable":true,"href":"https:\/\/anabelternes.de\/en\/wp-json\/wp\/v2\/comments?post=9061"}],"version-history":[{"count":8,"href":"https:\/\/anabelternes.de\/en\/wp-json\/wp\/v2\/pages\/9061\/revisions"}],"predecessor-version":[{"id":11198,"href":"https:\/\/anabelternes.de\/en\/wp-json\/wp\/v2\/pages\/9061\/revisions\/11198"}],"wp:attachment":[{"href":"https:\/\/anabelternes.de\/en\/wp-json\/wp\/v2\/media?parent=9061"}],"curies":[{"name":"wp","href":"https:\/\/api.w.org\/{rel}","templated":true}]}}